
{"id":668,"date":"2014-07-17T09:27:16","date_gmt":"2014-07-17T07:27:16","guid":{"rendered":"http:\/\/canal-literatura.com\/xcertamen\/?page_id=668"},"modified":"2014-07-28T23:25:23","modified_gmt":"2014-07-28T21:25:23","slug":"finalistas","status":"publish","type":"page","link":"https:\/\/canal-literatura.com\/xcertamen\/?page_id=668","title":{"rendered":"Finalistas"},"content":{"rendered":"<p><a href=\"http:\/\/canal-literatura.com\/xcertamen\/files\/2014\/01\/banner-xcertamen-468x61.jpg\"><img loading=\"lazy\" decoding=\"async\" class=\"aligncenter size-full wp-image-51\" src=\"http:\/\/canal-literatura.com\/xcertamen\/files\/2014\/01\/banner-xcertamen-468x61.jpg\" alt=\"banner-xcertamen-468x61\" width=\"468\" height=\"61\" srcset=\"https:\/\/canal-literatura.com\/xcertamen\/files\/2014\/01\/banner-xcertamen-468x61.jpg 468w, https:\/\/canal-literatura.com\/xcertamen\/files\/2014\/01\/banner-xcertamen-468x61-300x39.jpg 300w\" sizes=\"auto, (max-width: 468px) 100vw, 468px\" \/><\/a><\/p>\n<h2 style=\"text-align: center;\">Finalistas del X Certamen de Narrativa Breve 2014<\/h2>\n<p>&nbsp;<\/p>\n<p style=\"color: #555555; text-align: center;\"><a href=\"http:\/\/canal-literatura.com\/xcertamen\/no61-cancer-de-luna-por-nana-jones\/\" target=\"_blank\">N\u00ba61- C\u00e1ncer de luna. Por Nana Jones<\/a><\/p>\n<p><img loading=\"lazy\" decoding=\"async\" class=\"aligncenter size-full wp-image-674\" src=\"http:\/\/canal-literatura.com\/xcertamen\/files\/2014\/07\/maria-emilia-picco.jpg\" alt=\"maria-emilia-picco\" width=\"400\" height=\"300\" srcset=\"https:\/\/canal-literatura.com\/xcertamen\/files\/2014\/07\/maria-emilia-picco.jpg 400w, https:\/\/canal-literatura.com\/xcertamen\/files\/2014\/07\/maria-emilia-picco-300x225.jpg 300w\" sizes=\"auto, (max-width: 400px) 100vw, 400px\" \/><\/p>\n<p style=\"text-align: center;\"><strong>Mar\u00eda Emilia Picco\u00a0<\/strong><\/p>\n<p style=\"text-align: center;\">\u00a0 C\u00f3rdoba &#8211; Argentina<\/p>\n<p style=\"text-align: justify;\">Cuando le\u00ed mi primera novela ten\u00eda siete a\u00f1os. Annie, de Thomas Meehan, se me adhiri\u00f3 como sanguijuela y anduve por meses con el libro a cuestas, reley\u00e9ndolo, una y otra vez. Algo entre esas p\u00e1ginas, hoy amarillentas, vetustas, con las gotas impresas de la nostalgia por las puntas, alborotaba la sangre que corr\u00eda por mis venas. Mi coraz\u00f3n galopaba sediento, incit\u00e1ndome, sin poder descifrar el significado. Lo supe a\u00f1os m\u00e1s tarde, cuando mi abuela Coca me obsequio mi primer cuaderno. \u201cPara escribir tus pensamientos nena\u201d, me dijo. Hoy ya no est\u00e1 aqu\u00ed para degustar lo que la madurez ha hecho conmigo.<\/p>\n<p style=\"text-align: justify;\">Esa vor\u00e1gine imaginativa, que nos arrebata a los escritores del mundo de lo concreto y nos sumerge en el de las posibilidades; la que de pronto, nos halla sonriendo en escenarios tr\u00e1gicos, con la mirada perdida en las calles, ante los rostros pasmados de quienes viven con el alma en la tierra; es esa vor\u00e1gine, la que hoy define mi vida, la que me atraviesa de norte a sur y me moviliza.<\/p>\n<p style=\"text-align: justify;\">El pasado 13 de junio, cumpl\u00ed treinta a\u00f1os. Me sent\u00ed mayor para algunas cosas, pero no para la escritura, porque el paso de los a\u00f1os macera las palabras y a\u00fan me restan muchos, si Dios me lo permite, para cultivar esta pasi\u00f3n y suscitar emociones en los lectores, que es lo que m\u00e1s me cautiva.<\/p>\n<p style=\"text-align: justify;\">Mi mayor defecto es la ansiedad. Me cuesta darle tiempo a lo que escribo, pero es algo que estoy aprendiendo, en especial, luego de este concurso. Lo bueno es que existe la correcci\u00f3n literaria y el paso de los a\u00f1os, para sosegarle a uno las revoluciones hormonales y amansarle el car\u00e1cter.<\/p>\n<p style=\"text-align: justify;\">Escrib\u00ed la historia de Amelita en una ma\u00f1ana y la revis\u00e9 un par de veces, antes de enviarla, porque me enter\u00e9 del concurso la noche previa y ten\u00eda que partir de viaje a la brevedad. El plazo de admisi\u00f3n cerraba en tres d\u00edas. Por ese traspi\u00e9, me siento feliz con el reconocimiento de la historia, que lo que no pudo madurar en tiempo, lo hizo en peso.<\/p>\n<p style=\"text-align: justify;\">Soy oriunda de R\u00edo Cuarto, aunque resido actualmente en la Ciudad de C\u00f3rdoba, Argentina. Nutricionista de a ratos, escritora otros tantos. Escribo con l\u00e1piz, teclado, bol\u00edgrafo y con el pensamiento, mientras respiro, camino o preparo la cena.<\/p>\n<p style=\"text-align: justify;\">Este es el tercer certamen literario en el que participo y otro en curso, del que espero a\u00fan los resultados. En el 2012, tras un viaje al exterior, retom\u00e9 la escritura y no pude parar, aceptando que \u00e9sta es mi verdadera pasi\u00f3n y que si no la atiendo, me carcomen las ideas, se me apaga el alma y se me marchita el cerebro. Trabajo en una novela que estoy reescribiendo, cap\u00edtulo por cap\u00edtulo, porque es a\u00fan un borrador verdoso y p\u00faber. Tengo dos novelas m\u00e1s en mente y pienso morirme con una pluma en la mano, metaf\u00f3ricamente hablando.<\/p>\n<p style=\"text-align: justify;\">Agradezco al ej\u00e9rcito celestial que me acompa\u00f1a desde arriba e interceden con sus legados en vida y a quienes desde abajo, me empujan a seguir en esto, cada d\u00eda, con la paciencia de quien acompa\u00f1a la mente fantasiosa de un escritor y soporta las lagunas de ausencia.<\/p>\n<p style=\"text-align: justify;\">Un abrazo a todos los lectores de Asociaci\u00f3n Canal Literatura, a los finalistas, a los participantes del concurso y a todo el equipo que sostiene esta iniciativa de encuentro literario. A todos, gracias, me he sentido como en casa.<\/p>\n<p style=\"text-align: justify;\">Cari\u00f1os del otro lado del Atl\u00e1ntico<\/p>\n<p>Emilia<\/p>\n<p style=\"text-align: center;\">________________________________<\/p>\n<p style=\"text-align: center;\"><a href=\"http:\/\/canal-literatura.com\/xcertamen\/no68-quince-gramos-de-libertad-por-leuke\/\" target=\"_blank\">N\u00ba68- Quince gramos de libertad. Por Leuk\u00e9<\/a><\/p>\n<p style=\"text-align: center;\"><a href=\"http:\/\/canal-literatura.com\/xcertamen\/files\/2014\/07\/blanca-garcia-malanda.jpg\"><img loading=\"lazy\" decoding=\"async\" class=\"aligncenter size-full wp-image-678\" src=\"http:\/\/canal-literatura.com\/xcertamen\/files\/2014\/07\/blanca-garcia-malanda.jpg\" alt=\"blanca-garcia-malanda\" width=\"400\" height=\"315\" srcset=\"https:\/\/canal-literatura.com\/xcertamen\/files\/2014\/07\/blanca-garcia-malanda.jpg 400w, https:\/\/canal-literatura.com\/xcertamen\/files\/2014\/07\/blanca-garcia-malanda-300x236.jpg 300w\" sizes=\"auto, (max-width: 400px) 100vw, 400px\" \/><\/a><\/p>\n<p style=\"text-align: center;\"><strong>\u00a0Blanca Garc\u00eda Malanda<\/strong><\/p>\n<p style=\"text-align: center;\">Rivas-Vaciamadrid \u2013 Madrid- Espa\u00f1a<\/p>\n<p style=\"text-align: justify;\">Pues ver\u00e9is. Yo nac\u00ed hace cuarenta y nueve a\u00f1os en un pueblo muy peque\u00f1o, en los montes de roble y haya del norte de Palencia. Algunas noches de invierno nevaba tanto que se borraban \u00a0las calles y las aristas de las casas; por la ma\u00f1ana todo lo que pod\u00edan ver tus ojos era blanco y blando.<\/p>\n<p style=\"text-align: justify;\">Daba gusto pararse en la ventana y sentir que el tiempo se hab\u00eda ido.<\/p>\n<p style=\"text-align: justify;\">Pero entonces mi madre nos espabilaba, porque hab\u00eda que irse a la escuela. No pod\u00edamos llegar tarde porque ellos, precisamente, eran los maestros. Mi padre daba clase a todos los ni\u00f1os del pueblo y mi madre a todas las ni\u00f1as y ten\u00edan que encender la estufa de le\u00f1a para que las dos clases estuviesen calentitas antes de que llegaran todos, con los pies ateridos de fr\u00edo.<\/p>\n<p style=\"text-align: justify;\">Algunas veces, la noche nos dejaba casi un metro de nieve, as\u00ed que mi padre sal\u00eda delante, con una pala, y hac\u00eda un caminito desde nuestra casa hasta la puerta de la escuela y nosotras nos pon\u00edamos las katiuskas y sal\u00edamos en fila detr\u00e1s de \u00e9l, por orden de altura, mi madre, mis dos hermanas y yo al final.<\/p>\n<p style=\"text-align: justify;\">Esos d\u00edas, todo el mundo estaba sereno y no se o\u00edan discusiones, porque la nieve borraba tambi\u00e9n los malos recuerdos y las rencillas se olvidaban hasta que los car\u00e1mbanos de hielo se deshac\u00edan en los tejados.<\/p>\n<p style=\"text-align: justify;\">No s\u00e9, igual \u00a0algo de\u00a0 lo que os he contado no es del todo cierto. \u00a0Esto es lo malo de escribir, que a veces confundimos los recuerdos con las invenciones y lo que <strong><em>ha sido<\/em><\/strong> se nos esconde detr\u00e1s de lo que <strong><em>pudo ser<\/em><\/strong>.<\/p>\n<p style=\"text-align: justify;\">El pueblo existe, de eso estoy segura. Se llama San Cebri\u00e1n de Mud\u00e1. Pod\u00e9is buscarlo en un mapa. Y\u00a0 mis padres eran los maestros.<\/p>\n<p>\u00a0\u00a0\u00a0\u00a0\u00a0\u00a0\u00a0\u00a0\u00a0\u00a0\u00a0\u00a0\u00a0\u00a0\u00a0\u00a0\u00a0\u00a0\u00a0\u00a0\u00a0\u00a0\u00a0\u00a0\u00a0\u00a0\u00a0\u00a0\u00a0\u00a0\u00a0\u00a0\u00a0\u00a0\u00a0\u00a0\u00a0\u00a0\u00a0\u00a0\u00a0\u00a0\u00a0\u00a0\u00a0\u00a0\u00a0\u00a0\u00a0\u00a0\u00a0\u00a0\u00a0\u00a0\u00a0\u00a0\u00a0\u00a0\u00a0\u00a0\u00a0\u00a0\u00a0\u00a0\u00a0\u00a0\u00a0\u00a0\u00a0\u00a0\u00a0\u00a0\u00a0\u00a0\u00a0\u00a0\u00a0 Blanca Garc\u00eda Malanda<\/p>\n<p>9 de julio de 2014<\/p>\n<p>&nbsp;<\/p>\n<p style=\"text-align: center;\">\u00a0________________________________<\/p>\n<p style=\"text-align: center;\"><a href=\"http:\/\/canal-literatura.com\/xcertamen\/no9-la-taberna-fundadores-por-earvin\/\" target=\"_blank\">N\u00ba9- La Taberna Fundadores. Por Earvin<\/a><\/p>\n<p><a href=\"http:\/\/canal-literatura.com\/xcertamen\/files\/2014\/07\/ricardo-aller-hernandez.jpg\"><img loading=\"lazy\" decoding=\"async\" class=\"aligncenter size-full wp-image-679\" src=\"http:\/\/canal-literatura.com\/xcertamen\/files\/2014\/07\/ricardo-aller-hernandez.jpg\" alt=\"ricardo-aller-hernandez\" width=\"400\" height=\"301\" srcset=\"https:\/\/canal-literatura.com\/xcertamen\/files\/2014\/07\/ricardo-aller-hernandez.jpg 400w, https:\/\/canal-literatura.com\/xcertamen\/files\/2014\/07\/ricardo-aller-hernandez-300x225.jpg 300w\" sizes=\"auto, (max-width: 400px) 100vw, 400px\" \/><\/a><\/p>\n<p style=\"text-align: center;\"><strong>\u00a0Ricardo\u00a0Aller Hern\u00e1ndez\u00a0<\/strong><\/p>\n<p style=\"text-align: center;\"><strong>\u00a0\u00a0 <\/strong>Murcia &#8211; Espa\u00f1a<\/p>\n<p style=\"text-align: justify;\">Desde que nac\u00ed (Murcia, 1977-hasta que\u00a0 la Chata venga a reclamar su beso) mi vida ha estado vinculada a la lectura de una otra manera. Tal es as\u00ed que a\u00fan guardo mi primer libro, una recopilaci\u00f3n ilustrada de los cuentos de siempre que abultaba m\u00e1s que yo.<\/p>\n<p style=\"text-align: justify;\">\u00a0\u00a0\u00a0\u00a0\u00a0\u00a0\u00a0\u00a0\u00a0\u00a0\u00a0 Aquella incipiente inquietud literaria fue creciendo al ritmo vertiginoso de los a\u00f1os 80. A la sombra de Mazinger Z, La Bola de cristal, Tocata o el Un, Dos, Tres empec\u00e9 a acompa\u00f1ar a Spiderman, Los Cinco, Fray Perico y su borrico o El Pirata Garrapata, cuyas aventuras avivaron la imaginaci\u00f3n de un ni\u00f1o que enseguida descubri\u00f3 lo barato que sal\u00eda so\u00f1ar. De repente pod\u00eda pensar como H\u00e9rcules Poirot-belga, que no franc\u00e9s-, ponerme la mochila y dar La vuelta al mundo en ochenta d\u00edas-bueno, quiz\u00e1s el alma inquieta de mi mujer convierta esto en realidad. De hecho, el honor de ser finalista en esta edici\u00f3n me pill\u00f3 en tierras \u00e1rabes- o picar billete para viajar a Fantas\u00eda, mientras en el colegio me presentaban a Quevedo y su amigo G\u00f3ngora, al loco hidalgo Miguel de Cervantes que escribi\u00f3 ese manco de apellido Quijano, a Atila, rey de los Unamunos, o a Lope de Vega, que antes de ser un teatro fue un se\u00f1or\u2026(esto, bueno, \u00bfqu\u00e9 quieren? Fui a un colegio privado).<\/p>\n<p style=\"text-align: justify;\">Una advertencia: cuando uno ya tiene la costumbre de abrir un libro nuevo y olerlo antes de iniciar la primera p\u00e1gina, sepa usted que est\u00e1 perdido. Tan pronto se encontrar\u00e1 acompa\u00f1ando al Batall\u00f3n 326 de L\u00ednea en la Sombra del \u00c1guila como ejerciendo la medicina en El \u00e1rbol de la Ciencia o investigando\u00a0 a la par con el Padre Brown de Chesterton, hasta que por fin llegue un d\u00eda que, despu\u00e9s de miles de historias le\u00eddas y asumidas como propias, algo en su interior le diga que usted tambi\u00e9n tienes muchas cosas que contar.<\/p>\n<p style=\"text-align: justify;\">\u00a0\u00a0\u00a0\u00a0\u00a0\u00a0\u00a0\u00a0\u00a0\u00a0\u00a0 Y eso es lo que me sucedi\u00f3 a m\u00ed, cuando una ma\u00f1ana me sent\u00e9 frente a un folio en blanco-no hay nada m\u00e1s hermoso y temerario- y empezaron a surgir ideas, emociones y personajes, desde una bella princesa mora de ojos rasgados a un h\u00e9roe que se come sin pelar al malo mal\u00edsimo, pasando por un teniente de alguaciles que sabe que morir solo puede significar haber vivido.<\/p>\n<p style=\"text-align: justify;\">\u00a0\u00a0\u00a0\u00a0\u00a0\u00a0\u00a0\u00a0\u00a0\u00a0\u00a0 En fin, ya lo dec\u00eda Oscar Wilde, no existen m\u00e1s que dos reglas para escribir: tener algo que decir y decirlo. Aunque yo a\u00f1adir\u00eda algo m\u00e1s: pura pasi\u00f3n.<\/p>\n<p style=\"text-align: center;\">________________________________<\/p>\n<p style=\"text-align: center;\"><a href=\"http:\/\/canal-literatura.com\/xcertamen\/no16-mi-pez-y-yo-por-bogardilla\/\" target=\"_blank\">Mi pez y yo. Por Bogardilla<\/a><\/p>\n<p><a href=\"http:\/\/canal-literatura.com\/xcertamen\/files\/2014\/07\/cristina-cifuentes-bayo.jpg\"><img loading=\"lazy\" decoding=\"async\" class=\"aligncenter size-full wp-image-669\" src=\"http:\/\/canal-literatura.com\/xcertamen\/files\/2014\/07\/cristina-cifuentes-bayo.jpg\" alt=\"cristina-cifuentes-bayo\" width=\"300\" height=\"401\" srcset=\"https:\/\/canal-literatura.com\/xcertamen\/files\/2014\/07\/cristina-cifuentes-bayo.jpg 300w, https:\/\/canal-literatura.com\/xcertamen\/files\/2014\/07\/cristina-cifuentes-bayo-224x300.jpg 224w\" sizes=\"auto, (max-width: 300px) 100vw, 300px\" \/><\/a><\/p>\n<p style=\"text-align: center;\"><strong>Cristina Cifuentes Bayo\u00a0<\/strong><\/p>\n<p style=\"text-align: center;\">Zaragoza &#8211; Espa\u00f1a<\/p>\n<p style=\"text-align: justify;\">Cierro el curso apareciendo entre este grupo de finalistas, despu\u00e9s de estar tambi\u00e9n en el de Poemas sin rostro. Pues habr\u00e1 que ir a Murcia, \u00bfno? Sin nervios, porque la competencia pone el list\u00f3n alt\u00edsimo. Con alegr\u00eda, porque voy a conocer en persona a amigos queridos. Con la pena de no poder dar un abrazo a quien se fue dej\u00e1ndonos la magia de sus versos. Con la esperanza de hacer nuevas amistades entre vosotros, compa\u00f1eros.<\/p>\n<p style=\"text-align: justify;\">Y qu\u00e9 quer\u00e9is que os diga, si lo m\u00e1s dif\u00edcil es hablar de uno mismo. Nac\u00ed en 1960 en Madrid, pero vivo casi en los Monegros, mirando hacia la ribera del Ebro y cerca de donde el r\u00edo escribi\u00f3 un galacho de recuerdos antes de irse para siempre. Eleg\u00ed el nombre de un pez andaluz en riesgo de extinci\u00f3n, la bogardilla, para hablar de otro, negro y terrible, que a veces nos acecha. Para evitarlo, huyo cuando puedo al verdeazul del mar y el bosque, como quien huye de la prosa a la poes\u00eda.<\/p>\n<p style=\"text-align: justify;\">Ha sido un buen a\u00f1o. Comenz\u00f3 con la presentaci\u00f3n de la Antolog\u00eda Cuentos en tinta china, en la que tengo la fortuna de participar, y con la que fuimos titiriteros de tinta, alehop, de feria en feria, vaciando alforjas y bajando estrellas \u2014alg\u00fan premio cay\u00f3 por el camino\u2014, como cantaba Serrat. He disfrutado compartiendo, igual que siempre, el vicio de leer y el vicio de escribir. Gracias a todos los que lo procur\u00e1is en espacios como Canal Literatura y mis grupos de lectura y escritura. Gracias, tambi\u00e9n, a todos los que me soport\u00e1is y anim\u00e1is diariamente. Esto va por vosotros.<\/p>\n<p style=\"text-align: justify;\">Y para los compa\u00f1eros de certamen: no importa c\u00f3mo se repartan los premios. Para m\u00ed, que participo por tercera vez, siempre hay relatos excelentes que no est\u00e1n en esta selecci\u00f3n y autores que prometen llegar muy lejos. A todos quiero seguir leyendo; con todos, seguir compartiendo amor por la escritura.<\/p>\n<p style=\"text-align: justify;\">Un fuerte abrazo y feliz verano (o feliz invierno, seg\u00fan proceda).<\/p>\n<p style=\"text-align: center;\">\u00a0________________________________<\/p>\n<p style=\"text-align: center;\"><a href=\"http:\/\/canal-literatura.com\/xcertamen\/no75-los-suenos-del-farero-por-petrarca\/\" target=\"_blank\">\u00a0N\u00ba75- Los sue\u00f1os del farero. Por Petrarca<\/a><\/p>\n<p><a href=\"http:\/\/canal-literatura.com\/xcertamen\/files\/2014\/07\/gervasio-alegria-mellado.jpg\"><img loading=\"lazy\" decoding=\"async\" class=\"aligncenter size-full wp-image-670\" src=\"http:\/\/canal-literatura.com\/xcertamen\/files\/2014\/07\/gervasio-alegria-mellado.jpg\" alt=\"gervasio-alegria-mellado\" width=\"300\" height=\"400\" srcset=\"https:\/\/canal-literatura.com\/xcertamen\/files\/2014\/07\/gervasio-alegria-mellado.jpg 300w, https:\/\/canal-literatura.com\/xcertamen\/files\/2014\/07\/gervasio-alegria-mellado-225x300.jpg 225w\" sizes=\"auto, (max-width: 300px) 100vw, 300px\" \/><\/a><\/p>\n<p>&nbsp;<\/p>\n<p style=\"text-align: center;\"><strong>Gervasio Alegria Mellado<\/strong><\/p>\n<p style=\"text-align: center;\"><strong>\u00a0<\/strong> Gij\u00f3n \u2013 Asturias- Espa\u00f1a<\/p>\n<p style=\"text-align: justify;\">Salmantino de nacimiento, asturiano de adopci\u00f3n, amigo de las palabras, amigo de sus alumnos \u2013 cuyas dosis de alegr\u00eda sigue echando en falta-, cantor de coro, pintor\u00a0 y m\u00fasico frustrado, saxofonista en sus ratos libres, aprendiz en el amor a pesar de la media docena de d\u00e9cadas vividas. Comentarista y cr\u00edtico impenitente, disc\u00edpulo de L\u00e1zaro Carreter \u2013el ma\u00f1o t\u00edmido encumbrado a la gloria de la filolog\u00eda-. Ungido por los cl\u00e1sicos como Fray Luis, Lope, Cervantes, \u00a0Juan de Yepes, Rojas, J. del Enzina, Unamuno, cuyas huellas le marcaron en su deambular por la calle la R\u00faa o la plaza de Anaya, ah\u00edto de dorados platerescos y de claustros. Converso a la poes\u00eda por Machado, J.R.J., el 27, Neruda y tantos otros.<\/p>\n<p style=\"text-align: justify;\">Anclado en el romanticismo y seducido por sus h\u00e9roes. El farero pod\u00eda ser uno de ellos, como el pirata o el cosaco de Espronceda, \u00a0rebelde, so\u00f1ador: <em>\u201csiempre quiso vivir solo, pero la vida le fue inundando de vac\u00edos insondables que \u00e9l trataba de llenar con la espuma de sus sue\u00f1os\u201d<\/em>. \u00a0La historia del farero es la historia de su vida: dura y gris como los berruecos gran\u00edticos de su Barruecopardo natal, pero que lanzan min\u00fasculos destellos cuando abren su entra\u00f1a f\u00e1cilmente a\u00a0 los primeros golpes.<\/p>\n<p style=\"text-align: justify;\">Dulcificado ya por tantos a\u00f1os de paisaje astur, le sale el lado tierno \u00a0con el repiquetear del orvallo en su claraboya o con la explosi\u00f3n de verdes en su ventana sobre el valle de Cabue\u00f1es, envuelto en bruma su Gij\u00f3n del alma. Y el mar siempre ah\u00ed, terco en su belleza y en su m\u00fasica, como una tentaci\u00f3n irresistible.<\/p>\n<p style=\"text-align: justify;\">No persigue la gloria literaria a estas alturas. Solo que alguien le lea y se emocione.<\/p>\n<p style=\"text-align: center;\">________________________________<\/p>\n<p style=\"color: #555555; text-align: center;\"><a href=\"http:\/\/canal-literatura.com\/xcertamen\/no35-la-historia-de-un-trozo-de-lechuga-por-major-tom\/\" target=\"_blank\">N\u00ba35-La Historia de un Trozo de Lechuga. Por Major Tom<\/a><\/p>\n<p><a href=\"http:\/\/canal-literatura.com\/xcertamen\/files\/2014\/07\/gillian-Clarke.jpg\"><img loading=\"lazy\" decoding=\"async\" class=\"aligncenter size-full wp-image-671\" src=\"http:\/\/canal-literatura.com\/xcertamen\/files\/2014\/07\/gillian-Clarke.jpg\" alt=\"gillian-Clarke\" width=\"400\" height=\"300\" srcset=\"https:\/\/canal-literatura.com\/xcertamen\/files\/2014\/07\/gillian-Clarke.jpg 400w, https:\/\/canal-literatura.com\/xcertamen\/files\/2014\/07\/gillian-Clarke-300x225.jpg 300w\" sizes=\"auto, (max-width: 400px) 100vw, 400px\" \/><\/a><\/p>\n<p style=\"text-align: center;\"><strong>Gillian Clarke<\/strong><\/p>\n<p style=\"text-align: center;\">Logro\u00f1o &#8211; Espa\u00f1a<\/p>\n<p style=\"text-align: justify;\">Hola, soy Gillian, una inglesa de Manchester que vive en Logro\u00f1o desde hace veinticinco a\u00f1os. Estoy casada con Alfredo y tengo dos hijos. Es la tercera vez que participo en el concurso de Canal Literatura y me ha hecho mucha ilusi\u00f3n llegar a ser finalista.<\/p>\n<p style=\"text-align: justify;\">Hace unos a\u00f1os empec\u00e9 a asistir a talleres de creaci\u00f3n literaria en Logro\u00f1o, en los que\u00a0 he aprendido bastante. Adem\u00e1s, he conocido a gente maravillosa con mucho talento que tiene la amabilidad de animarme y la \u00a0paciencia para corregir mi (a veces)\u00a0 muy mejorable espa\u00f1ol. Aunque llevo la mitad de mi vida en La Rioja el espa\u00f1ol nunca ser\u00e1 como mi lengua materna\u2026 Por eso estoy haciendo un m\u00e1ster a distancia en \u2018creative writing\u2019 de la universidad de Edimburgo. Me cuesta mucho traducir a espa\u00f1ol lo que escribo en ingl\u00e9s, y al rev\u00e9s; es como si la historia estuviera vinculada al idioma en el que est\u00e1 escrita y pierde mucho al traducirla.<\/p>\n<p style=\"text-align: justify;\">Empec\u00e9 a escribir \u2018La historia de un trozo de lechuga\u2019 en un fin de semana de meditaci\u00f3n y me inspir\u00f3 la idea de que la existencia de cada uno de nosotros es un milagro y la convicci\u00f3n de que tiene que haber algo m\u00e1s que lo meramente material. Sin embargo, la mayor\u00eda de los que han le\u00eddo el cuento lo interpretan argumentando todo lo contrario. Y as\u00ed es; \u00a0el lector es quien tiene la \u00faltima palabra.<\/p>\n<p style=\"text-align: center;\">________________________________<\/p>\n<p style=\"color: #555555; text-align: center;\"><a href=\"http:\/\/canal-literatura.com\/xcertamen\/no29-el-coronel-tiene-quien-lo-crea-por-benito-p\/\" target=\"_blank\">N\u00ba29 \u2013 El coronel no tiene quien lo crea. Por Benito P<\/a><\/p>\n<p><a href=\"http:\/\/canal-literatura.com\/xcertamen\/files\/2014\/07\/jose-luis-garcia-tejeiro-.jpg\"><img loading=\"lazy\" decoding=\"async\" class=\"aligncenter size-full wp-image-673\" src=\"http:\/\/canal-literatura.com\/xcertamen\/files\/2014\/07\/jose-luis-garcia-tejeiro-.jpg\" alt=\"???????????????????????????????\" width=\"400\" height=\"301\" srcset=\"https:\/\/canal-literatura.com\/xcertamen\/files\/2014\/07\/jose-luis-garcia-tejeiro-.jpg 400w, https:\/\/canal-literatura.com\/xcertamen\/files\/2014\/07\/jose-luis-garcia-tejeiro--300x225.jpg 300w\" sizes=\"auto, (max-width: 400px) 100vw, 400px\" \/><\/a><\/p>\n<p style=\"text-align: center;\"><strong>Jos\u00e9 Luis Garc\u00eda Teijeiro<\/strong><\/p>\n<p style=\"text-align: center;\">\u00a0 La Coru\u00f1a \u2013Espa\u00f1a<\/p>\n<p>La noche anterior hab\u00eda cenado con dos sudamericanos y un manchego. Y hab\u00edamos hablado de muertos, de los suyos y de los m\u00edos. \u00bfPor qu\u00e9 el aguardiente nos empuj\u00f3 a estas confidencias? No lo s\u00e9. Lo hizo sin preguntar, como hace estas cosas el aguardiente.<\/p>\n<p style=\"text-align: justify;\">El d\u00eda siguiente, entre Monforte y Chantada, tom\u00e9 algunas notas y lo olvid\u00e9. Por entonces me preocupaba m\u00e1s pasar a la posteridad literaria con una colecci\u00f3n de versos\u00a0 similares a <em>las Humoradas, <\/em>\u00a0<em>Doloras y Peque\u00f1os Poemas\u00a0 <\/em>de Campoamor. Si \u00e9l lo hab\u00eda conseguido con ripios tan infames (mi madre recitaba de memoria <em>El peque\u00f1o tren<\/em>) \u00bfpor qu\u00e9 yo no? En mi caso ser\u00eda una colecci\u00f3n de reproches. De reproches femeninos. Todos tendr\u00edan la misma estructura y los tres \u00faltimos versos repetir\u00edan en orden inverso los tres anteriores, pues cuando una mujer te da un repaso suele hacerlo del derecho y del rev\u00e9s. Y en la larga jornada de caminante escrib\u00ed uno de ellos:<\/p>\n<p style=\"text-align: center;\">Como senderos<\/p>\n<p style=\"text-align: center;\">Abiertos en mi cuerpo<\/p>\n<p style=\"text-align: center;\">Como senderos<\/p>\n<p style=\"text-align: center;\"><strong>\u00bfPor qu\u00e9 no llegas?<\/strong><\/p>\n<p style=\"text-align: center;\">Tus manos olvidadas<\/p>\n<p style=\"text-align: center;\">De mis veredas<\/p>\n<p style=\"text-align: center;\">De mis veredas<\/p>\n<p style=\"text-align: center;\">Tus manos olvidadas<\/p>\n<p style=\"text-align: center;\"><strong>\u00bfPor qu\u00e9 no llegas?<\/strong><\/p>\n<p>&nbsp;<\/p>\n<p style=\"text-align: justify;\">Pasado un tiempo recuper\u00e9 estas notas. No continu\u00e9 mi colecci\u00f3n de versos, dej\u00f3 de preocuparme la inmortalidad. Pero s\u00ed aprovech\u00e9 aquella sobremesa y escrib\u00ed un relato, el relato que present\u00e9 a este Certamen. Su origen, como ven, es arbitrario. Todo en la vida lo es.<\/p>\n<p style=\"text-align: justify;\">Le\u00ed a Baroja en algunas de sus novelas que los relojeros del siglo XIX acostumbraban grabar en la esfera de sus relojes esta sentencia referida a las horas: <em>Todas hieren, la \u00faltima mata (Omnes vulnerant ultima necat)<\/em>. Pero yo encontr\u00e9 en Aljuc\u00e9n un reloj de pared de horas inocuas, bals\u00e1micas, cuyas manecillas, en vez de ir hacia adelante, iban hacia atr\u00e1s: su art\u00edfice consideraba m\u00e1s \u00fatil advertirnos sobre las horas del d\u00eda que restaban por vivir que dejar constancia de las ya vividas. No en vano la Muerte reprochaba al abuelo que confesaba tener 80 a\u00f1os en <em>La Dama del Alba<\/em>: \u201c\u00c9sos son los que ya no tienes\u201d.<\/p>\n<p style=\"text-align: justify;\">En fin, les cuento todo esto para evitar hablarles de lo que ya no tengo. Como el relojero loco de Aljuc\u00e9n creo m\u00e1s \u00fatil dedicar mi tiempo a lo que resta por vivir. Y de esto no puedo adelantarles nada. Dejemos que sobre lo otro caiga, lentamente, el tel\u00f3n.<\/p>\n<p>&nbsp;<\/p>\n<p style=\"text-align: center;\">________________________________<\/p>\n<p>&nbsp;<\/p>\n<p style=\"color: #555555; text-align: center;\"><a href=\"http:\/\/canal-literatura.com\/xcertamen\/no28-el-sueno-de-una-manana-de-otono-por-anaconda\/\" target=\"_blank\">N\u00ba28- El sue\u00f1o de una ma\u00f1ana de oto\u00f1o. Por Anaconda<\/a><\/p>\n<p><a href=\"http:\/\/canal-literatura.com\/xcertamen\/files\/2014\/07\/raul-martin-rivera.jpg\"><img loading=\"lazy\" decoding=\"async\" class=\"aligncenter size-full wp-image-675\" src=\"http:\/\/canal-literatura.com\/xcertamen\/files\/2014\/07\/raul-martin-rivera.jpg\" alt=\"raul-martin-rivera\" width=\"400\" height=\"300\" srcset=\"https:\/\/canal-literatura.com\/xcertamen\/files\/2014\/07\/raul-martin-rivera.jpg 400w, https:\/\/canal-literatura.com\/xcertamen\/files\/2014\/07\/raul-martin-rivera-300x225.jpg 300w\" sizes=\"auto, (max-width: 400px) 100vw, 400px\" \/><\/a><\/p>\n<p style=\"text-align: center;\"><strong>Ra\u00fal Mart\u00edn Rivera<\/strong><\/p>\n<p style=\"text-align: center;\">\u00a0\u00a0 Posadas \u2013 Argentina<\/p>\n<p style=\"text-align: center;\">\u00abGloria a Dios en las alturas,<\/p>\n<p style=\"text-align: center;\">recogieron las basuras\u00a0de mi calle,<\/p>\n<p style=\"text-align: center;\">ayer a oscuras y hoy sembrada de bombillas\u00bb<\/p>\n<p>&nbsp;<\/p>\n<p style=\"text-align: justify;\">S\u00ed, estoy de fiesta. Me alegra estar entre los finalistas y tengo ilusi\u00f3n ante la posibilidad de ganar. Aviso, para despertar las conciencias del jurado: si no gano \u2014aunque sea injustamente\u2014 me deprimir\u00e9 mucho.<\/p>\n<p style=\"text-align: justify;\">Y ahora, con la obediencia debida, paso a contestar a las cuestiones que propone el certamen:<\/p>\n<p style=\"text-align: justify;\">\u00bfPor que me present\u00e9? Por compa\u00f1erismo, porque me gustan los cert\u00e1menes abiertos en los que se puede opinar, porque una amiga envi\u00f3 por m\u00ed los cinco euros (dado lo engorroso de sacar un peso del pa\u00eds en el que vivo), y porque, \u00a1al fin!, pude completar las planillas que se exigen para presentarse, lo cual signific\u00f3 para m\u00ed una buena descarga de adrenalina y aumento de la autoestima, dado mi pobre ali\u00f1o inform\u00e1tico.<\/p>\n<p style=\"text-align: justify;\">Vivo en el norte de la Rep\u00fablica Argentina, en la selva misionera, a pocos kil\u00f3metros de donde se refugi\u00f3 a escribir Horacio Quiroga, cuya cercan\u00eda no obr\u00f3 el milagro de contagiarme con su talento, tan solo me dio, como seud\u00f3nimo, el nombre de uno de sus personajes: \u00abAnaconda\u00bb. Empec\u00e9 a escribir cuando ten\u00eda cinco a\u00f1os, pero as\u00ed, en este plan, sesenta a\u00f1os despu\u00e9s, cuando me jubil\u00e9 y juzgu\u00e9 tener el tiempo necesario. Le\u00ed en alg\u00fan sitio que en la primera novela que se escribe se vierten todos los complejos, miedos, creencias y pensamientos elaborados a lo largo de la vida. As\u00ed que, precavido, escrib\u00ed una novela de cuatrocientas cuarenta p\u00e1ginas en la que desnud\u00e9 todas esas cosas y que me sirvi\u00f3 de catarsis para escribir luego libremente, sin miedo a descubrir mi t\u00edmido interior.\u00a0 He participado, con el taller literario \u00abEntre todos\u00bb, de Z\u00e1rate (Buenos Aires), en la publicaci\u00f3n de cuatro antolog\u00edas de poes\u00eda y relatos, en dos de las cuales me atrev\u00ed y me permitieron dibujar la portada. Tambi\u00e9n soy miembro correoso y corrosivo de \u201cEl corral de las palabras\u201d, algunos de los cuales nos conocimos aqu\u00ed en \u00abCanal Literatura\u00bb y de cuya primera antolog\u00eda \u00abCuentos en tinta China\u00bb, tuvimos el placer de que Mar\u00eda Luisa Nu\u00f1ez nos acompa\u00f1ara en la presentaci\u00f3n en Murcia.<\/p>\n<p style=\"text-align: justify;\">Felicito a todos los finalistas, especialmente a \u00abBogardilla\u00bb (que fue quien me adelant\u00f3 los cinco euros) y a todos los dem\u00e1s, finalistas o no, por escribir y proporcionarnos tantas horas de alegr\u00eda leyendo sus relatos.<\/p>\n<p style=\"text-align: center;\">________________________________<\/p>\n<p style=\"color: #555555; text-align: center;\"><a href=\"http:\/\/canal-literatura.com\/xcertamen\/no43-distintos-por-distinta\/\" target=\"_blank\">N\u00ba43- Distintos. Por Distinta<\/a><\/p>\n<p><a href=\"http:\/\/canal-literatura.com\/xcertamen\/files\/2014\/07\/carlos-garrido-rubio2-.jpg\"><img loading=\"lazy\" decoding=\"async\" class=\"aligncenter wp-image-690 size-full\" src=\"http:\/\/canal-literatura.com\/xcertamen\/files\/2014\/07\/carlos-garrido-rubio2-.jpg\" alt=\"Carlos Garrido Rubio\" width=\"400\" height=\"300\" srcset=\"https:\/\/canal-literatura.com\/xcertamen\/files\/2014\/07\/carlos-garrido-rubio2-.jpg 400w, https:\/\/canal-literatura.com\/xcertamen\/files\/2014\/07\/carlos-garrido-rubio2--300x225.jpg 300w\" sizes=\"auto, (max-width: 400px) 100vw, 400px\" \/><\/a><\/p>\n<p style=\"text-align: center;\">\u00a0<strong>Carlos Garrido Rubio<\/strong><\/p>\n<p style=\"text-align: center;\"><strong>\u00a0<\/strong> Madrid \u2013 Espa\u00f1a<\/p>\n<p>&nbsp;<\/p>\n<p style=\"text-align: justify;\">Me piden los amigos del Canal que escriba una rese\u00f1a sobre mi curr\u00edculum y sobre mi participaci\u00f3n en el Certamen. Y no estoy seguro que esto interese a nadie. Me vienen a la cabeza las palabras de \u00d3scar Wilde cuando afirmaba que el p\u00fablico tiene una curiosidad insaciable por conocerlo todo, excepto lo que merece la pena.<\/p>\n<p style=\"text-align: justify;\">Pero ya que tengo la oportunidad, aprovechar\u00e9 para decir que hace alg\u00fan tiempo que enterr\u00e9 mi vanidad, esa variante del punto G de los que ejercen la funci\u00f3n de juntar palabras, y hu\u00ed de los concursos. Este es una excepci\u00f3n, la \u00fanica, la \u00faltima. En el mismo cofre puse cientos de madrugadas de insomnio, un par de botellas terciadas de licor y no m\u00e1s de media docena de proyectos inacabados. Mi salud y mi h\u00edgado han comenzado a agradec\u00e9rmelo. Me he liberado del s\u00edndrome de la sombra de los dedos sobre el amenazador papel en blanco y de la posibilidad de despe\u00f1arme por el abismo de la autocomplacencia. He dejado, en definitiva, de correr en pos de esa mujer, de nombre Inspiraci\u00f3n, que siempre me result\u00f3 esquiva y burlona.<\/p>\n<p style=\"text-align: justify;\">Adi\u00f3s, pues, a las cada vez m\u00e1s frecuentes y arbitrarias eclipses. Con las historias ya escritas, aquellas que aguardaban pacientes y desganadas otros ojos, hice mariposas de papel y, como en el relato de Deyanira y Eliseo, las ech\u00e9 a volar por el ventanal del \u00e1tico alent\u00e1ndolas a buscar su propio destino.<\/p>\n<p style=\"text-align: justify;\">Mi deseo es, partir de ahora, sentarme a\u00a0 disfrutar de la belleza de los cuentos que no voy a escribir. Ser\u00e1 una forma de invitar a los lectores a usar su imaginaci\u00f3n dormida, a crear sus propios personajes, a darles vida para luego, eso espero, hacerles desembocar en desenlaces incompletos.<\/p>\n<p style=\"text-align: center;\">________________________________<\/p>\n<p style=\"color: #555555; text-align: center;\"><a href=\"http:\/\/canal-literatura.com\/xcertamen\/no33-la-ultima-cena-por-hypatia\/\" target=\"_blank\">N\u00ba33- La \u00faltima cena. Por Hypatia<\/a><\/p>\n<p><a href=\"http:\/\/canal-literatura.com\/xcertamen\/files\/2014\/07\/Jose-Carlos-Gonzalez-sebastian2.jpg\"><img loading=\"lazy\" decoding=\"async\" class=\"aligncenter size-full wp-image-693\" src=\"http:\/\/canal-literatura.com\/xcertamen\/files\/2014\/07\/Jose-Carlos-Gonzalez-sebastian2.jpg\" alt=\"Jose-Carlos-Gonzalez-sebastian2\" width=\"400\" height=\"466\" srcset=\"https:\/\/canal-literatura.com\/xcertamen\/files\/2014\/07\/Jose-Carlos-Gonzalez-sebastian2.jpg 400w, https:\/\/canal-literatura.com\/xcertamen\/files\/2014\/07\/Jose-Carlos-Gonzalez-sebastian2-257x300.jpg 257w\" sizes=\"auto, (max-width: 400px) 100vw, 400px\" \/><\/a><\/p>\n<p style=\"text-align: center;\"><strong>Jos\u00e9 Carlos Gonz\u00e1lez Sebasti\u00e1n<\/strong><\/p>\n<p style=\"text-align: center;\">Barcelona \u2013 Espa\u00f1a<\/p>\n<p>&nbsp;<\/p>\n<p style=\"text-align: justify;\">Algunas noches suelo reunirme con dos buenos amigos: \u00c1lvaro y Andr\u00e9s, pintor y m\u00fasico, respectivamente. Una de esas noches, discut\u00edamos sobre cu\u00e1l de nuestras tres aficiones era la m\u00e1s gratificante. Tras arduas reflexiones, copas mediantes, alguien lleg\u00f3 a la siguiente conclusi\u00f3n: \u201cla m\u00fasica y la pintura pueden disfrutarse por el autor en la m\u00e1s estricta intimidad, pero en la literatura hace falta, indispensablemente, el lector\u201d. D\u00edas m\u00e1s tarde, esa idea no dejaba de darme vueltas en la cabeza. Es cierto. Un m\u00fasico puede repetir una creaci\u00f3n y, s\u00f3lo por eso, sentirse realizado. Un pintor puede encerrarse y rodearse de sus cuadros, sin tener la necesidad de exhibirlos ante miradas ajenas, sinti\u00e9ndose arropado y satisfecho por su obra. En cambio, un escritor necesita que sus palabras lleguen hasta el lector. Al escritor no le aporta placer el leer y releer lo escrito, s\u00f3lo se hace con un sentido correctivo. Es por eso que tengo que agradecer la oportunidad que Canal Literatura nos brinda con su concurso, poniendo en contacto a escritor y lector, haciendo que pasemos, alternativamente, por esos dos papeles.<\/p>\n<p style=\"text-align: justify;\">Peque\u00f1a rese\u00f1a biogr\u00e1fica: Nac\u00ed, hace m\u00e1s de cincuenta a\u00f1os, en Ademuz, un pueblo cercano al lugar donde el Guadalaviar cambia de nombre. He transitado por el universo de la literatura, como un peat\u00f3n desorientado, desde los catorce, intentando plasmar, en relatos cortos y poes\u00eda aplicada a la m\u00fasica, mis sentimientos. Ahora, tras casi un lustro de documentaci\u00f3n, hace trescientos sesenta y cinco d\u00edas que termin\u00e9 mi primera novela. Desde ese momento, aunque apenas s\u00e9 nadar, me encuentro navegando por los procelosos mares editoriales intentando que esas hojas lleguen a buen Puerto Gutenberg.\u00a0 Mientras tanto, he escrito una segunda que se halla en proceso de revisi\u00f3n. No hay dos sin tres, ni tres sin m\u00e1s.<\/p>\n<p style=\"text-align: justify;\">Nota: Aprovecho la foto para introducir una peque\u00f1a e inocua cu\u00f1a publicitaria de mi novela.<\/p>\n","protected":false},"excerpt":{"rendered":"<p>Finalistas del X Certamen de Narrativa Breve 2014 &nbsp; N\u00ba61- C\u00e1ncer de luna. Por Nana Jones Mar\u00eda Emilia Picco\u00a0 \u00a0 C\u00f3rdoba &#8211; Argentina Cuando le\u00ed mi primera novela ten\u00eda siete a\u00f1os. Annie, de Thomas Meehan, se me adhiri\u00f3 como sanguijuela y anduve por meses con el libro a cuestas, reley\u00e9ndolo,&#8230;<\/p>\n<p> <a class=\"continue-reading-link\" href=\"https:\/\/canal-literatura.com\/xcertamen\/?page_id=668\"><span>Leer m\u00e1s..<\/span><i class=\"crycon-right-dir\"><\/i><\/a> <\/p>\n","protected":false},"author":4,"featured_media":0,"parent":0,"menu_order":0,"comment_status":"open","ping_status":"open","template":"","meta":{"ngg_post_thumbnail":0,"footnotes":""},"class_list":["post-668","page","type-page","status-publish","hentry"],"_links":{"self":[{"href":"https:\/\/canal-literatura.com\/xcertamen\/index.php?rest_route=\/wp\/v2\/pages\/668","targetHints":{"allow":["GET"]}}],"collection":[{"href":"https:\/\/canal-literatura.com\/xcertamen\/index.php?rest_route=\/wp\/v2\/pages"}],"about":[{"href":"https:\/\/canal-literatura.com\/xcertamen\/index.php?rest_route=\/wp\/v2\/types\/page"}],"author":[{"embeddable":true,"href":"https:\/\/canal-literatura.com\/xcertamen\/index.php?rest_route=\/wp\/v2\/users\/4"}],"replies":[{"embeddable":true,"href":"https:\/\/canal-literatura.com\/xcertamen\/index.php?rest_route=%2Fwp%2Fv2%2Fcomments&post=668"}],"version-history":[{"count":0,"href":"https:\/\/canal-literatura.com\/xcertamen\/index.php?rest_route=\/wp\/v2\/pages\/668\/revisions"}],"wp:attachment":[{"href":"https:\/\/canal-literatura.com\/xcertamen\/index.php?rest_route=%2Fwp%2Fv2%2Fmedia&parent=668"}],"curies":[{"name":"wp","href":"https:\/\/api.w.org\/{rel}","templated":true}]}}