
{"id":7,"date":"2014-01-01T09:39:48","date_gmt":"2014-01-01T09:39:48","guid":{"rendered":"http:\/\/canal-literatura.com\/xcertamen\/?page_id=7"},"modified":"2014-02-07T08:32:26","modified_gmt":"2014-02-07T08:32:26","slug":"jurado","status":"publish","type":"page","link":"https:\/\/canal-literatura.com\/xcertamen\/?page_id=7","title":{"rendered":"Jurado"},"content":{"rendered":"<h2 style=\"text-align: center;\"><strong>Jurado del certamen<\/strong><\/h2>\n<h2 style=\"text-align: center;\"><strong>Carmen Riera<\/strong><\/h2>\n<div style=\"width: 370px\" class=\"wp-caption aligncenter\"><a href=\"http:\/\/canal-literatura.com\/blog\/noticias\/entrevista-carmen-riera\/\" target=\"_blank\"><img loading=\"lazy\" decoding=\"async\" class=\" \" title=\"Carme Riera\" alt=\"Carme Riera\" src=\"http:\/\/canal-literatura.com\/wp-content\/uploads\/2014\/01\/carmenriera400.jpg\" width=\"360\" height=\"276\" \/><\/a><p class=\"wp-caption-text\">Presidenta del X Certamen de narrativa breve<\/p><\/div>\n<h2 style=\"text-align: center;\">Jos\u00e9 Belmonte Serrano<\/h2>\n<p><center><a href=\"http:\/\/www.canal-literatura.com\/Jose_belmonte_serrano.html\" target=\"_blank\"><img loading=\"lazy\" decoding=\"async\" class=\"aligncenter\" title=\"Jos\u00e9 Belmonte Serrano\" alt=\"Jos\u00e9 Belmonte Serrano\" src=\"http:\/\/www.canal-literatura.com\/fotos\/pepeBOP.JPG\" width=\"200\" height=\"300\" \/><\/a><\/center><\/p>\n<h2 style=\"text-align: center;\">Ana M\u00aa Tom\u00e1s Olivares<\/h2>\n<p><center><a href=\"http:\/\/www.canal-literatura.com\/Ana_Maria%20_Tomas_olivares.html\" target=\"_blank\"><img loading=\"lazy\" decoding=\"async\" class=\"aligncenter\" title=\"Ana M\u00aa Tom\u00e1s Olivares\" alt=\"Ana M\u00aa Tom\u00e1s Olivares\" src=\"http:\/\/www.canal-literatura.com\/fotos\/AnaMTomasOlivares3.jpg\" width=\"225\" height=\"225\" \/><\/a><\/center><\/p>\n<h2 style=\"text-align: center;\"><\/h2>\n<h2 style=\"text-align: center;\">Julia Mu\u00f1oz Ripoll<\/h2>\n<p style=\"text-align: center;\"><a href=\"http:\/\/www.canal-literatura.com\/Entrevistas\/Julia_Munoz_Ripoll.html\" target=\"_blank\"><img loading=\"lazy\" decoding=\"async\" class=\"aligncenter\" title=\"Julia Mu\u00f1oz Ripoll\" alt=\"Julia Mu\u00f1oz Ripoll\" src=\"http:\/\/www.canal-literatura.com\/Entrevistas\/JuliaMunozRipoll.jpg\" width=\"241\" height=\"289\" \/><\/a><\/p>\n<h2 style=\"text-align: center;\"><\/h2>\n<h2 style=\"text-align: center;\">Elena Marqu\u00e9s N\u00fa\u00f1ez<\/h2>\n<p><center><a href=\"http:\/\/canal-literatura.com\/blog\/zona-literaria\/entrevista-a-elena-marques-que-pasa-ser-jurado-permanente-del-certamen-de-narrativa-breve\/\" target=\"_blank\"><img loading=\"lazy\" decoding=\"async\" title=\"Elena Marqu\u00e9s N\u00fa\u00f1ez\" alt=\"Elena Marqu\u00e9s N\u00fa\u00f1ez\" src=\"http:\/\/canal-literatura.com\/fotos\/elena-marques-dama-literatura-P2013.jpg\" width=\"252\" height=\"277\" \/><\/a><\/center><\/p>\n<h2 style=\"text-align: center;\">Pau P\u00e9rez L\u00f3pez<\/h2>\n<p><center><a href=\"http:\/\/www.canal-literatura.com\/Pablo_Perez.html\" target=\"_blank\"><img loading=\"lazy\" decoding=\"async\" class=\"aligncenter\" title=\"Pau P\u00e9rez L\u00f3pez\" alt=\"Pau P\u00e9rez L\u00f3pez\" src=\"http:\/\/www.canal-literatura.com\/fotos\/Paup.JPG\" width=\"200\" height=\"150\" \/><\/a><\/center><\/p>\n","protected":false},"excerpt":{"rendered":"<p>Jurado del certamen Carmen Riera Jos\u00e9 Belmonte Serrano Ana M\u00aa Tom\u00e1s Olivares Julia Mu\u00f1oz Ripoll Elena Marqu\u00e9s N\u00fa\u00f1ez Pau P\u00e9rez L\u00f3pez<\/p>\n<p> <a class=\"continue-reading-link\" href=\"https:\/\/canal-literatura.com\/xcertamen\/?page_id=7\"><span>Leer m\u00e1s..<\/span><i class=\"crycon-right-dir\"><\/i><\/a> <\/p>\n","protected":false},"author":4,"featured_media":52,"parent":0,"menu_order":0,"comment_status":"open","ping_status":"open","template":"","meta":{"ngg_post_thumbnail":0,"footnotes":""},"class_list":["post-7","page","type-page","status-publish","has-post-thumbnail","hentry"],"_links":{"self":[{"href":"https:\/\/canal-literatura.com\/xcertamen\/index.php?rest_route=\/wp\/v2\/pages\/7","targetHints":{"allow":["GET"]}}],"collection":[{"href":"https:\/\/canal-literatura.com\/xcertamen\/index.php?rest_route=\/wp\/v2\/pages"}],"about":[{"href":"https:\/\/canal-literatura.com\/xcertamen\/index.php?rest_route=\/wp\/v2\/types\/page"}],"author":[{"embeddable":true,"href":"https:\/\/canal-literatura.com\/xcertamen\/index.php?rest_route=\/wp\/v2\/users\/4"}],"replies":[{"embeddable":true,"href":"https:\/\/canal-literatura.com\/xcertamen\/index.php?rest_route=%2Fwp%2Fv2%2Fcomments&post=7"}],"version-history":[{"count":0,"href":"https:\/\/canal-literatura.com\/xcertamen\/index.php?rest_route=\/wp\/v2\/pages\/7\/revisions"}],"wp:featuredmedia":[{"embeddable":true,"href":"https:\/\/canal-literatura.com\/xcertamen\/index.php?rest_route=\/wp\/v2\/media\/52"}],"wp:attachment":[{"href":"https:\/\/canal-literatura.com\/xcertamen\/index.php?rest_route=%2Fwp%2Fv2%2Fmedia&parent=7"}],"curies":[{"name":"wp","href":"https:\/\/api.w.org\/{rel}","templated":true}]}}