
{"id":782,"date":"2014-10-12T13:46:04","date_gmt":"2014-10-12T11:46:04","guid":{"rendered":"http:\/\/canal-literatura.com\/xcertamen\/?page_id=782"},"modified":"2014-10-16T09:09:20","modified_gmt":"2014-10-16T07:09:20","slug":"ganadores-narrativa","status":"publish","type":"page","link":"https:\/\/canal-literatura.com\/xcertamen\/?page_id=782","title":{"rendered":"Ganadores y cr\u00f3nicas"},"content":{"rendered":"<h2 style=\"text-align: center\"><img loading=\"lazy\" decoding=\"async\" src=\"http:\/\/canal-literatura.com\/xcertamen\/files\/2014\/01\/banner-xcertamen-122x68.jpg\" alt=\"\" width=\"122\" height=\"68\" \/><\/h2>\n<h2 style=\"text-align: center\">Cristina Cifuentes Bayo<\/h2>\n<h2 style=\"text-align: center\">Primer Premio<\/h2>\n<div id=\"attachment_786\" style=\"width: 460px\" class=\"wp-caption aligncenter\"><a href=\"http:\/\/canal-literatura.com\/xcertamen\/files\/2014\/10\/carmeriera-cristinacifuentesbayo.jpg\"><img loading=\"lazy\" decoding=\"async\" aria-describedby=\"caption-attachment-786\" class=\"wp-image-786 size-full\" src=\"http:\/\/canal-literatura.com\/xcertamen\/files\/2014\/10\/carmeriera-cristinacifuentesbayo.jpg\" alt=\"Carme Riera y Cristina Cifuentes Bayo\" width=\"450\" height=\"391\" srcset=\"https:\/\/canal-literatura.com\/xcertamen\/files\/2014\/10\/carmeriera-cristinacifuentesbayo.jpg 450w, https:\/\/canal-literatura.com\/xcertamen\/files\/2014\/10\/carmeriera-cristinacifuentesbayo-300x260.jpg 300w\" sizes=\"auto, (max-width: 450px) 100vw, 450px\" \/><\/a><p id=\"caption-attachment-786\" class=\"wp-caption-text\">Carme Riera y Cristina Cifuentes Bayo<\/p><\/div>\n<p style=\"text-align: center\">\u00a0<a title=\"Permanent Link to N\u00ba16- Mi pez y yo. Por Bogardilla\" href=\"http:\/\/canal-literatura.com\/xcertamen\/no16-mi-pez-y-yo-por-bogardilla\/\" rel=\"bookmark\">N.\u00ba16- Mi pez y yo. Por Bogardilla<\/a><\/p>\n<h2 style=\"text-align: center\">Mi (memoria de) pez y yo<\/h2>\n<p style=\"text-align: justify\">Una doble nominaci\u00f3n es la excusa perfecta para hacer realidad deseos que llevan tiempo exigiendo cumplimiento: voy a Murcia, a por mis premios. Porque \u201cmis premios\u201d son abrazos, poner gesto y mirada a aquellos que quiero hace ya tiempo, a todos los que hab\u00e9is llegado a m\u00ed desde Canal Literatura.<\/p>\n<p style=\"text-align: justify\">Empiezo a recogerlos de ma\u00f1ana, al placer del camino. A mediod\u00eda, m\u00e1s: arroz con mucho \u201camor\u201d y caracoles. Atardece y se enciende un faro. Una voz cari\u00f1osa me roba el apellido\/sobresalto. Brilla el reflejo de un r\u00edo lejano, se ilumina un olivo y el aire es torbellino de versos.<\/p>\n<p style=\"text-align: justify\">La mesa cinco me regala m\u00e1s premios: poetas de colores y fil\u00f3sofos, jerogl\u00edficos y golondrinas, y mi titiritero de tinta (china). Es f\u00e1cil que fluya la palabra hablada cuando compartes el vicio de la escrita. Y, as\u00ed, llega la hora. Veo disimular algunos nervios, de esos que yo no tengo: ya los he recogido. Los nervios no, los premios. Los tengo repartidos por la sala, atentos y expectantes.<\/p>\n<p style=\"text-align: justify\">Primer pase\u00edllo. Poemas con\/sin rostro, y premios merecidos. Cr\u00f3nica personal, dec\u00edan\u2026 Pues confieso: hubo un motivo m\u00e1s al presentarme, yo, que de esto s\u00e9 tan poco. Llevaba tanto tiempo queriendo conocer a Juan, y no he podido. Pero gracias, Ana, por tu voluntad y tu cari\u00f1o. Sabes que cuentas tambi\u00e9n con estas manos.<\/p>\n<p style=\"text-align: justify\">Premio especial, y me aguanto las ganas de gritar, porque si el relato lo merece, la autora mucho m\u00e1s. Regala a manos llenas los valores que ensalza y yo tengo el placer de disfrutarlo.<\/p>\n<p style=\"text-align: justify\">Concurso de relatos: hoy seguro que acierto en mi quiniela. El tercero\u2026 El segundo y\u2026 qu\u00e9 pena que al fin no hayas venido. Oigo mi nombre y algo falla en la conexi\u00f3n, se funde un plomo, no logro que se acoplen imagen y sonido. Sin embargo, ciertos automatismos neuronales permiten que sonr\u00eda, reciba, bese, me mueva hacia el micr\u00f3fono\u2026 Pero no, sigo desconectada, incapaz de enhebrar algo coherente. Ni siquiera lo f\u00e1cil, lo obvio, los lugares comunes del discurso de agradecimiento.<\/p>\n<p style=\"text-align: justify\">Mil excusas, do\u00f1a Carmen, tan c\u00e1lida acad\u00e9mica. Perdonadme tambi\u00e9n mi familia y amigos, que sois toda mi vida. Disculpad, maestros, compa\u00f1eros de quienes he aprendido a tirar de estos hilos de tinta. Sed clementes, autores consagrados a los que tanto debo. Qu\u00e9 poco habr\u00eda costado esbozar un discurso por si acaso. Qu\u00e9 bien habr\u00eda quedado, tan condesa subida en sus tacones, y no as\u00ed que, alelada, s\u00f3lo veo rostros desconocidos en la mesa de enfrente. \u201cEl grupo de lectores\u201d, dice media neurona en un ineficaz chisporroteo. Y all\u00e1 fue, para ellos y su trabajo an\u00f3nimo y callado. Supongo que pod\u00eda haber sido peor, porque mi memoria de pez no ha dejado constancia. Tampoco me arrepiento, pues s\u00ed, se lo merecen. Creo que, como n\u00e1ufrago, a\u00fan me agarr\u00e9 a la tabla y agradec\u00ed a Canal Literatura su espl\u00e9ndido trabajo. Y s\u00ed, ser\u00e1 peor si me veo grabada.<\/p>\n<p style=\"text-align: justify\">Despu\u00e9s\u2026 \u00a1Si no me acuerdo!\u00a0 Las palabras de Luisa, emocionada, con su equipo, su sabor agridulce\u2026 Necesitaba el aire de la noche y el humo. Creo que caminamos calle arriba y abajo, para volver a unirnos casi en la misma mesa, con la \u00faltima copa. S\u00e9 que estaba exultante y feliz, que segu\u00ed disfrutando hasta el \u00faltimo abrazo y el \u00faltimo hasta pronto, de mis queridos premios, tan cercanos y humanos, que hicieron ese d\u00eda inolvidable.<\/p>\n<p>&nbsp;<\/p>\n<h2 style=\"text-align: center\">\u00a0Gervasio Alegr\u00eda Mellado<\/h2>\n<h2 style=\"text-align: center\">Segundo Premio<\/h2>\n<div id=\"attachment_785\" style=\"width: 410px\" class=\"wp-caption aligncenter\"><a href=\"http:\/\/canal-literatura.com\/xcertamen\/files\/2014\/10\/carme-riera-Gervasio-alegria.jpg\"><img loading=\"lazy\" decoding=\"async\" aria-describedby=\"caption-attachment-785\" class=\"wp-image-785 size-full\" src=\"http:\/\/canal-literatura.com\/xcertamen\/files\/2014\/10\/carme-riera-Gervasio-alegria.jpg\" alt=\"Carme Riera y Gervasio Alegr\u00eda Mellado\" width=\"400\" height=\"367\" srcset=\"https:\/\/canal-literatura.com\/xcertamen\/files\/2014\/10\/carme-riera-Gervasio-alegria.jpg 400w, https:\/\/canal-literatura.com\/xcertamen\/files\/2014\/10\/carme-riera-Gervasio-alegria-300x275.jpg 300w\" sizes=\"auto, (max-width: 400px) 100vw, 400px\" \/><\/a><p id=\"caption-attachment-785\" class=\"wp-caption-text\">Carme Riera y Gervasio Alegr\u00eda Mellado<\/p><\/div>\n<p style=\"text-align: center\">\u00a0<a title=\"Permanent Link to N\u00ba75- Los sue\u00f1os del farero. Por Petrarca\" href=\"http:\/\/canal-literatura.com\/xcertamen\/no75-los-suenos-del-farero-por-petrarca\/\" rel=\"bookmark\">N.\u00ba75- Los sue\u00f1os del farero. Por Petrarca<\/a><\/p>\n<p>&nbsp;<\/p>\n<p style=\"text-align: justify\">Confieso que soy seguidor reciente de la p\u00e1gina de Canal Literatura. Pero me enganch\u00e9 a ella gracias a que el azar me regal\u00f3 amigos que me invitaron a conocerla y me animaron \u00a0a participar. Lo hice por primera vez comentando y votando algunos de los poemas sin rostro, bajo clave hom\u00e9rica.<\/p>\n<p style=\"text-align: justify\">Como quien se agarra al estribo del \u00faltimo tranv\u00eda en marcha, decid\u00ed presentarme con un relato po\u00e9tico, <em>Los sue\u00f1os del farero, <\/em>en el que puse algo m\u00e1s que el alma y en el que me sali\u00f3 un final algo trist\u00f3n; qu\u00e9 le vamos a hacer, as\u00ed somos los del club de trasnochados rom\u00e1nticos. Y, ya lanzado, present\u00e9 tambi\u00e9n un poema efervescente de reconciliaci\u00f3n amorosa, <em>D\u00e9jame en ti, <\/em>para el premio especial. Ambos textos gestados en largas horas, robadas al sue\u00f1o las m\u00e1s de las veces, cuando las musas, o vaya usted a saber qu\u00e9 extra\u00f1o ser mitol\u00f3gico, me van llevando de la mano a compartir esa querencia por la belleza hecha palabra. Qu\u00e9 desolaci\u00f3n cuando se alejan \u00a0y te dejan clavado en el and\u00e9n vac\u00edo.<\/p>\n<p style=\"text-align: justify\">Y clavado me pude quedar, una vez m\u00e1s, en la estaci\u00f3n de los sue\u00f1os imposibles por mi incorregible vicio de dejarlo todo para el \u00faltimo minuto del \u00faltimo d\u00eda de los respectivos plazos. Las prisas me\u00a0 hicieron correr por las calles de mi pueblo en busca de la conexi\u00f3n Wi-Fi del cura al filo de la medianoche. \u00bfQu\u00e9 se traer\u00e1 entre manos a estas horas el hijo de la Dorotea con el cura?, bisbiseaba santigu\u00e1ndose la vieja tras el visillo, con el mismo gesto con el que las liebres comen hierba, que dir\u00eda Ram\u00f3n.<\/p>\n<p style=\"text-align: justify\">\u00a0Pero, por fin, me sent\u00ed el hombre m\u00e1s feliz del mundo con mi doble nominaci\u00f3n.\u00a0 As\u00ed que me puse en marcha y llegu\u00e9 a Murcia con la maleta reventando de ilusiones. Acud\u00ed a los aleda\u00f1os del Hotel Amistad en los momentos previos a la cena. Y empec\u00e9 a conocer a gente encantadora, a encontrarme, en carne y alma, sin suced\u00e1neos de retratos literarios o fotogr\u00e1ficos, a concursantes, finalistas, miembros de la organizaci\u00f3n y de los jurados; pude ponerles sonrisa y miradas y voz y piel a los seud\u00f3nimos. Ya no necesitaba premios. En la ceremonia de atriles y micr\u00f3fonos a algunos se nos nubla el mag\u00edn, se nos pone cara de susto m\u00e1s que de felicidad o se nos anuda la lengua a la hora de decir lo que sentimos. Ni siquiera me acord\u00e9 del cumple de mi esposa ni de nuestro aniversario de boda. \u00a1Qu\u00e9 desastre! Sirvan estas l\u00edneas de reparaci\u00f3n y de regalo en diferido. \u00bfServir\u00e1n?<\/p>\n<p style=\"text-align: justify\">A lo largo de la velada y hasta la \u00faltima copa comprob\u00e9, con ojos de asombro y gui\u00f1os de complicidad, que el club de los so\u00f1adores y el frente rom\u00e1ntico tiene una pl\u00e9yade de socios, simpatizantes y seguidores, m\u00e1s de los que hab\u00eda imaginado. Todo el equipo de Canal Literatura es, sin duda, \u00absocio de m\u00e9rito\u00bb de ese club. Gracias\u00a0 por esa noche y mucho \u00e1nimo. Somos muchos los que a\u00fan sentimos el escalofr\u00edo que producen las palabras y las historias bellas.<\/p>\n<h2 style=\"text-align: center\">Ricardo Aller Hern\u00e1ndez<\/h2>\n<h2 style=\"text-align: center\">Tercer Premio<\/h2>\n<div id=\"attachment_784\" style=\"width: 360px\" class=\"wp-caption aligncenter\"><a href=\"http:\/\/canal-literatura.com\/xcertamen\/files\/2014\/10\/carme-riera-ricardoaller.jpg\"><img loading=\"lazy\" decoding=\"async\" aria-describedby=\"caption-attachment-784\" class=\"wp-image-784 size-full\" src=\"http:\/\/canal-literatura.com\/xcertamen\/files\/2014\/10\/carme-riera-ricardoaller.jpg\" alt=\"Carme Riera y Ricardo Aller\" width=\"350\" height=\"291\" srcset=\"https:\/\/canal-literatura.com\/xcertamen\/files\/2014\/10\/carme-riera-ricardoaller.jpg 350w, https:\/\/canal-literatura.com\/xcertamen\/files\/2014\/10\/carme-riera-ricardoaller-300x249.jpg 300w\" sizes=\"auto, (max-width: 350px) 100vw, 350px\" \/><\/a><p id=\"caption-attachment-784\" class=\"wp-caption-text\">Carme Riera y Ricardo Aller<\/p><\/div>\n<p style=\"text-align: center\">\u00a0<a title=\"Permanent Link to N\u00ba9- La Taberna Fundadores. Por Earvin\" href=\"http:\/\/canal-literatura.com\/xcertamen\/no9-la-taberna-fundadores-por-earvin\/\" rel=\"bookmark\">N.\u00ba9- La Taberna Fundadores. Por Earvin<\/a><\/p>\n<p style=\"text-align: justify\">Ni un considerable catarro ni la intermitente amenaza de lluvia impidi\u00f3 que mi mujer y yo acudi\u00e9ramos vestidos como la ocasi\u00f3n lo merec\u00eda a la cena del d\u00eda 4 de octubre organizada por Canal Literatura en el hotel NH Amistad de Murcia para honrar a las letras en versi\u00f3n poes\u00eda y narrativa en una celebraci\u00f3n en la que tuve el honor de resultar galardonado.<\/p>\n<p style=\"text-align: justify\">\u00a0\u00a0\u00a0\u00a0\u00a0\u00a0\u00a0\u00a0\u00a0\u00a0\u00a0 La cena, a la que me atrever\u00eda a calificar como notable en calidad y cantidad, transcurri\u00f3 en animada charla con las personas con quienes compartimos mesa y mantel, y donde tuvimos el placer de conocer a Jos\u00e9 Miguel y Mar\u00eda Luisa, dos de los integrantes del fabuloso equipo que con dedicaci\u00f3n, tiempo y esfuerzo sacan este gran proyecto adelante.<\/p>\n<p style=\"text-align: justify\">Y por fin lleg\u00f3 la esperada entrega de premios, momento donde se abandonaron las m\u00e1scaras y se pudo poner cara a los finalistas. Tuve la fortuna de resultar premiado, aunque confieso que yo no me siento a escribir pensando en ganar premios (aunque tampoco los rechace, se\u00f1ores del XI Certamen), pero s\u00ed busco que el que lea mis relatos disfrute, piense, medite, llore o r\u00eda. Es por eso que el reconocimiento del jurado a <em>Taberna<\/em> <em>Fundadores<\/em> me enorgullece especialmente, ya que es un relato del que estoy muy satisfecho por lo que se cuenta y por c\u00f3mo se cuenta.<\/p>\n<p style=\"text-align: justify\">\u00a0Y como en los discos, un <em>bonus track<\/em>: al premio hubo que a\u00f1adir el privilegio de poder intercambiar algunas palabras con toda una acad\u00e9mica de la RAE como do\u00f1a Carmen Riera, culminado as\u00ed una magn\u00edfica noche de emociones y recuerdos.<\/p>\n<p>&nbsp;<\/p>\n<p style=\"text-align: center\">\u00a0________________________________________________________________<\/p>\n<p>&nbsp;<\/p>\n","protected":false},"excerpt":{"rendered":"<p>Cristina Cifuentes Bayo Primer Premio \u00a0N.\u00ba16- Mi pez y yo. Por Bogardilla Mi (memoria de) pez y yo Una doble nominaci\u00f3n es la excusa perfecta para hacer realidad deseos que llevan tiempo exigiendo cumplimiento: voy a Murcia, a por mis premios. Porque \u201cmis premios\u201d son abrazos, poner gesto y mirada&#8230;<\/p>\n<p> <a class=\"continue-reading-link\" href=\"https:\/\/canal-literatura.com\/xcertamen\/?page_id=782\"><span>Leer m\u00e1s..<\/span><i class=\"crycon-right-dir\"><\/i><\/a> <\/p>\n","protected":false},"author":4,"featured_media":786,"parent":0,"menu_order":0,"comment_status":"open","ping_status":"open","template":"page-with-comments.php","meta":{"ngg_post_thumbnail":0,"footnotes":""},"class_list":["post-782","page","type-page","status-publish","has-post-thumbnail","hentry"],"_links":{"self":[{"href":"https:\/\/canal-literatura.com\/xcertamen\/index.php?rest_route=\/wp\/v2\/pages\/782","targetHints":{"allow":["GET"]}}],"collection":[{"href":"https:\/\/canal-literatura.com\/xcertamen\/index.php?rest_route=\/wp\/v2\/pages"}],"about":[{"href":"https:\/\/canal-literatura.com\/xcertamen\/index.php?rest_route=\/wp\/v2\/types\/page"}],"author":[{"embeddable":true,"href":"https:\/\/canal-literatura.com\/xcertamen\/index.php?rest_route=\/wp\/v2\/users\/4"}],"replies":[{"embeddable":true,"href":"https:\/\/canal-literatura.com\/xcertamen\/index.php?rest_route=%2Fwp%2Fv2%2Fcomments&post=782"}],"version-history":[{"count":0,"href":"https:\/\/canal-literatura.com\/xcertamen\/index.php?rest_route=\/wp\/v2\/pages\/782\/revisions"}],"wp:featuredmedia":[{"embeddable":true,"href":"https:\/\/canal-literatura.com\/xcertamen\/index.php?rest_route=\/wp\/v2\/media\/786"}],"wp:attachment":[{"href":"https:\/\/canal-literatura.com\/xcertamen\/index.php?rest_route=%2Fwp%2Fv2%2Fmedia&parent=782"}],"curies":[{"name":"wp","href":"https:\/\/api.w.org\/{rel}","templated":true}]}}